{"id":17825,"date":"2024-12-10T14:18:57","date_gmt":"2024-12-10T14:18:57","guid":{"rendered":"https:\/\/ophtanews.com\/estheticnews\/"},"modified":"2025-04-08T07:18:59","modified_gmt":"2025-04-08T07:18:59","slug":"estheticnews","status":"publish","type":"page","link":"https:\/\/ophtanews.com\/en\/ophtanews-congress\/estheticnews\/","title":{"rendered":"Esthetic&#8217;News"},"content":{"rendered":"\t\t<div data-elementor-type=\"wp-page\" data-elementor-id=\"17825\" class=\"elementor elementor-17825\" data-elementor-post-type=\"page\">\n\t\t\t\t        <section class=\"elementor-section elementor-top-section elementor-element elementor-element-beae6ce elementor-section-boxed elementor-section-height-default elementor-section-height-default pxl-row-scroll-none pxl-section-overflow-visible pxl-bg-color-none pxl-section-overlay-none\" data-id=\"beae6ce\" data-element_type=\"section\" data-e-type=\"section\">\n\n                \n                <div class=\"elementor-container elementor-column-gap-default \">\n                <div class=\"elementor-column elementor-col-100 elementor-top-column elementor-element elementor-element-2710213 pxl-column-none pxl-column-overflow-hidden-no\" data-id=\"2710213\" data-element_type=\"column\" data-e-type=\"column\">\r\n        <div class=\"elementor-widget-wrap elementor-element-populated\">\r\n                     \r\n        \t\t<div class=\"elementor-element elementor-element-28f26c2 elementor-invisible elementor-widget elementor-widget-image\" data-id=\"28f26c2\" data-element_type=\"widget\" data-e-type=\"widget\" data-settings=\"{&quot;_animation&quot;:&quot;fadeInDown&quot;}\" data-widget_type=\"image.default\">\n\t\t\t\t<div class=\"elementor-widget-container\">\n\t\t\t\t\t\t\t\t\t\t\t\t\t\t\t<img fetchpriority=\"high\" decoding=\"async\" width=\"300\" height=\"300\" src=\"https:\/\/ophtanews.com\/wp-content\/uploads\/2024\/07\/cropped-Logo-Ophtanews-300x300.png\" class=\"attachment-medium size-medium wp-image-17188\" alt=\"\" srcset=\"https:\/\/ophtanews.com\/wp-content\/uploads\/2024\/07\/cropped-Logo-Ophtanews-300x300.png 300w, https:\/\/ophtanews.com\/wp-content\/uploads\/2024\/07\/cropped-Logo-Ophtanews-150x150.png 150w, https:\/\/ophtanews.com\/wp-content\/uploads\/2024\/07\/cropped-Logo-Ophtanews.png 512w\" sizes=\"(max-width: 300px) 100vw, 300px\" \/>\t\t\t\t\t\t\t\t\t\t\t\t\t\t\t<\/div>\n\t\t\t\t<\/div>\n\t\t\t\t<div class=\"elementor-element elementor-element-e5e01c0 elementor-widget elementor-widget-pxl_heading\" data-id=\"e5e01c0\" data-element_type=\"widget\" data-e-type=\"widget\" data-widget_type=\"pxl_heading.default\">\n\t\t\t\t<div class=\"elementor-widget-container\">\n\t\t\t\t\t<div id=\"pxl-pxl_heading-e5e01c0-7882\" class=\"pxl-heading pxl-heading--tcustom\">\n\t<div class=\"pxl-heading--inner\">\n\n\t\t\n\t<h3 class=\"pxl-item--title   pxl-color-custom wow fadeInUp\" data-wow-delay=\"300ms\">\n\n\n\tPr\u00e9-Prrogramme\t\t\t\n\t<\/h3>\n\n<\/div>\n<\/div>\t\t\t\t<\/div>\n\t\t\t\t<\/div>\n\t\t            <\/div>\r\n        <\/div>\r\n        \t\t\t<\/div>\n\t\t<\/section>\n\t\t        <section class=\"elementor-section elementor-top-section elementor-element elementor-element-00c7316 elementor-section-boxed elementor-section-height-default elementor-section-height-default pxl-row-scroll-none pxl-section-overflow-visible pxl-bg-color-none pxl-section-overlay-none\" data-id=\"00c7316\" data-element_type=\"section\" data-e-type=\"section\">\n\n                \n                <div class=\"elementor-container elementor-column-gap-default \">\n                <div class=\"elementor-column elementor-col-33 elementor-top-column elementor-element elementor-element-017f7bf pxl-column-none pxl-column-overflow-hidden-no\" data-id=\"017f7bf\" data-element_type=\"column\" data-e-type=\"column\" data-settings=\"{&quot;background_background&quot;:&quot;classic&quot;}\">\r\n        <div class=\"elementor-widget-wrap\">\r\n                     \r\n                    <\/div>\r\n        <\/div>\r\n                <div class=\"elementor-column elementor-col-33 elementor-top-column elementor-element elementor-element-f0ca193 pxl-column-none pxl-column-overflow-hidden-no\" data-id=\"f0ca193\" data-element_type=\"column\" data-e-type=\"column\" data-settings=\"{&quot;background_background&quot;:&quot;classic&quot;}\">\r\n        <div class=\"elementor-widget-wrap elementor-element-populated\">\r\n                     \r\n                <section class=\"elementor-section elementor-inner-section elementor-element elementor-element-29b55c4 elementor-section-boxed elementor-section-height-default elementor-section-height-default pxl-row-scroll-none pxl-section-overflow-visible pxl-bg-color-none pxl-section-overlay-none\" data-id=\"29b55c4\" data-element_type=\"section\" data-e-type=\"section\">\n\n                \n                <div class=\"elementor-container elementor-column-gap-default \">\n                <div class=\"elementor-column elementor-col-50 elementor-inner-column elementor-element elementor-element-cc1fa30 pxl-column-none pxl-column-overflow-hidden-no\" data-id=\"cc1fa30\" data-element_type=\"column\" data-e-type=\"column\">\r\n        <div class=\"elementor-widget-wrap elementor-element-populated\">\r\n                     \r\n        \t\t<div class=\"elementor-element elementor-element-05ae239 elementor-widget elementor-widget-image\" data-id=\"05ae239\" data-element_type=\"widget\" data-e-type=\"widget\" data-widget_type=\"image.default\">\n\t\t\t\t<div class=\"elementor-widget-container\">\n\t\t\t\t\t\t\t\t\t\t\t\t\t\t\t<img decoding=\"async\" width=\"480\" height=\"480\" src=\"https:\/\/ophtanews.com\/wp-content\/uploads\/2024\/12\/medecine-esthetique.jpg\" class=\"attachment-large size-large wp-image-17264\" alt=\"\" srcset=\"https:\/\/ophtanews.com\/wp-content\/uploads\/2024\/12\/medecine-esthetique.jpg 480w, https:\/\/ophtanews.com\/wp-content\/uploads\/2024\/12\/medecine-esthetique-300x300.jpg 300w, https:\/\/ophtanews.com\/wp-content\/uploads\/2024\/12\/medecine-esthetique-150x150.jpg 150w\" sizes=\"(max-width: 480px) 100vw, 480px\" \/>\t\t\t\t\t\t\t\t\t\t\t\t\t\t\t<\/div>\n\t\t\t\t<\/div>\n\t\t            <\/div>\r\n        <\/div>\r\n                <div class=\"elementor-column elementor-col-50 elementor-inner-column elementor-element elementor-element-a16d9ec pxl-column-none pxl-column-overflow-hidden-no\" data-id=\"a16d9ec\" data-element_type=\"column\" data-e-type=\"column\">\r\n        <div class=\"elementor-widget-wrap elementor-element-populated\">\r\n                     \r\n        \t\t<div class=\"elementor-element elementor-element-77b5e7c elementor-widget elementor-widget-heading\" data-id=\"77b5e7c\" data-element_type=\"widget\" data-e-type=\"widget\" data-widget_type=\"heading.default\">\n\t\t\t\t<div class=\"elementor-widget-container\">\n\t\t\t\t\t<h2 class=\"elementor-heading-title elementor-size-default\">Esthetic'News<\/h2>\t\t\t\t<\/div>\n\t\t\t\t<\/div>\n\t\t\t\t<div class=\"elementor-element elementor-element-8cb89c3 elementor-widget elementor-widget-text-editor\" data-id=\"8cb89c3\" data-element_type=\"widget\" data-e-type=\"widget\" data-widget_type=\"text-editor.default\">\n\t\t\t\t<div class=\"elementor-widget-container\">\n\t\t\t\t\t\t\t\t\t<p>Discover the full program and speaker lineup of Esthetic&#8217;News, the dedicated session on aesthetic.<\/p>\t\t\t\t\t\t\t\t<\/div>\n\t\t\t\t<\/div>\n\t\t\t\t<div class=\"elementor-element elementor-element-30d3a7d elementor-align-center elementor-align-center elementor-widget__width-inherit elementor-widget elementor-widget-pxl_button\" data-id=\"30d3a7d\" data-element_type=\"widget\" data-e-type=\"widget\" data-widget_type=\"pxl_button.default\">\n\t\t\t\t<div class=\"elementor-widget-container\">\n\t\t\t\t\t \r\n<div id=\"pxl-pxl_button-30d3a7d-5155\" class=\"pxl-button \" data-wow-delay=\"ms\">\r\n    \r\n    <a  \r\n       class=\"btn btn-style-1 btn-hover1 pxl-icon-active  pxl-icon--left\" data-text=\" |Vendredi 20 Juin 2025\"  data-wow-delay=\"ms\">\r\n       \r\n                    <i aria-hidden=\"true\" class=\"far fa-calendar-alt\"><\/i>            <span class=\"pxl--btn-text\" data-text=\" |Vendredi 20 Juin 2025\">\r\n                 |Vendredi 20 Juin 2025            <\/span>\r\n            <\/a>\r\n  \r\n<\/div>\r\n\t\t\t\t<\/div>\n\t\t\t\t<\/div>\n\t\t\t\t<div class=\"elementor-element elementor-element-403e16b elementor-align-center elementor-align-center elementor-widget__width-inherit elementor-widget elementor-widget-pxl_button\" data-id=\"403e16b\" data-element_type=\"widget\" data-e-type=\"widget\" data-widget_type=\"pxl_button.default\">\n\t\t\t\t<div class=\"elementor-widget-container\">\n\t\t\t\t\t \r\n<div id=\"pxl-pxl_button-403e16b-9955\" class=\"pxl-button \" data-wow-delay=\"ms\">\r\n    \r\n    <a  \r\n       class=\"btn btn-style-1 btn-hover1 pxl-icon-active  pxl-icon--left\" data-text=\" |Samedi 21 Juin 2025\"  data-wow-delay=\"ms\">\r\n       \r\n                    <i aria-hidden=\"true\" class=\"far fa-calendar-alt\"><\/i>            <span class=\"pxl--btn-text\" data-text=\" |Samedi 21 Juin 2025\">\r\n                 |Samedi 21 Juin 2025            <\/span>\r\n            <\/a>\r\n  \r\n<\/div>\r\n\t\t\t\t<\/div>\n\t\t\t\t<\/div>\n\t\t            <\/div>\r\n        <\/div>\r\n        \t\t\t<\/div>\n\t\t<\/section>\n\t\t            <\/div>\r\n        <\/div>\r\n                <div class=\"elementor-column elementor-col-33 elementor-top-column elementor-element elementor-element-7d4098a pxl-column-none pxl-column-overflow-hidden-no\" data-id=\"7d4098a\" data-element_type=\"column\" data-e-type=\"column\" data-settings=\"{&quot;background_background&quot;:&quot;classic&quot;}\">\r\n        <div class=\"elementor-widget-wrap\">\r\n                     \r\n                    <\/div>\r\n        <\/div>\r\n        \t\t\t<\/div>\n\t\t<\/section>\n\t\t        <section class=\"elementor-section elementor-top-section elementor-element elementor-element-df58812 elementor-section-content-bottom elementor-section-boxed elementor-section-height-default elementor-section-height-default pxl-row-scroll-none pxl-section-overflow-visible pxl-bg-color-none pxl-section-overlay-none\" data-id=\"df58812\" data-element_type=\"section\" data-e-type=\"section\">\n\n                \n                <div class=\"elementor-container elementor-column-gap-default \">\n                <div class=\"elementor-column elementor-col-50 elementor-top-column elementor-element elementor-element-476a657 pxl-column-none pxl-column-overflow-hidden-no\" data-id=\"476a657\" data-element_type=\"column\" data-e-type=\"column\">\r\n        <div class=\"elementor-widget-wrap elementor-element-populated\">\r\n                     \r\n                <section class=\"elementor-section elementor-inner-section elementor-element elementor-element-d69b2a3 elementor-section-boxed elementor-section-height-default elementor-section-height-default pxl-row-scroll-none pxl-section-overflow-visible pxl-bg-color-none pxl-section-overlay-none\" data-id=\"d69b2a3\" data-element_type=\"section\" data-e-type=\"section\">\n\n                \n                <div class=\"elementor-container elementor-column-gap-default \">\n                <div class=\"elementor-column elementor-col-100 elementor-inner-column elementor-element elementor-element-49cdaab pxl-column-none pxl-column-overflow-hidden-no\" data-id=\"49cdaab\" data-element_type=\"column\" data-e-type=\"column\">\r\n        <div class=\"elementor-widget-wrap elementor-element-populated\">\r\n                     \r\n        \t\t<div class=\"elementor-element elementor-element-263a9d8 elementor-widget elementor-widget-pxl_heading\" data-id=\"263a9d8\" data-element_type=\"widget\" data-e-type=\"widget\" data-widget_type=\"pxl_heading.default\">\n\t\t\t\t<div class=\"elementor-widget-container\">\n\t\t\t\t\t<div id=\"pxl-pxl_heading-263a9d8-3308\" class=\"pxl-heading pxl-heading--tcustom\">\n\t<div class=\"pxl-heading--inner\">\n\n\t\t\n\t<h3 class=\"pxl-item--title  style_divider_1 pxl-color-custom wow fadeInUp\" data-wow-delay=\"300ms\">\n\n\n\tEsth\u00e9tique\t\t\t\n\t<\/h3>\n\n<\/div>\n<\/div>\t\t\t\t<\/div>\n\t\t\t\t<\/div>\n\t\t            <\/div>\r\n        <\/div>\r\n        \t\t\t<\/div>\n\t\t<\/section>\n\t\t\t\t<div class=\"elementor-element elementor-element-d85282a elementor-widget elementor-widget-pxl_list\" data-id=\"d85282a\" data-element_type=\"widget\" data-e-type=\"widget\" data-widget_type=\"pxl_list.default\">\n\t\t\t\t<div class=\"elementor-widget-container\">\n\t\t\t\t\t<div class=\"pxl-list pxl-list1 type-vertical \" data-wow-delay=\"ms\">\r\n    <div class=\"pxl--title \"> <\/div>\r\n    \r\n\r\n        <div class=\"pxl--item\">\r\n            <a >\r\n                                    <div class=\"pxl-item--icon pxl-mr-10 style-1\">\r\n                                            <\/div>\r\n                                <div class=\"pxl-item--text  el-empty\">\r\n                    <div class=\"pxl-item-text\">\r\n                       Traitements par acide hyaluronique                   <\/div>\r\n                   <div class=\"pxl-sub-text\">\r\n                    Dr Am\u00e9lie L\u2019HEUD\u00c9 (Nice)                <\/div>\r\n            <\/div>\r\n        <\/a>\r\n    <\/div>\r\n\r\n\r\n        <div class=\"pxl--item\">\r\n            <a >\r\n                                    <div class=\"pxl-item--icon pxl-mr-10 style-1\">\r\n                                            <\/div>\r\n                                <div class=\"pxl-item--text  el-empty\">\r\n                    <div class=\"pxl-item-text\">\r\n                       Prise en charge de l\u2019acn\u00e9 chez le jeune adulte                   <\/div>\r\n                   <div class=\"pxl-sub-text\">\r\n                    Dr Camille GRANGEON (Nice)                <\/div>\r\n            <\/div>\r\n        <\/a>\r\n    <\/div>\r\n\r\n\r\n        <div class=\"pxl--item\">\r\n            <a >\r\n                                    <div class=\"pxl-item--icon pxl-mr-10 style-1\">\r\n                                            <\/div>\r\n                                <div class=\"pxl-item--text  el-empty\">\r\n                    <div class=\"pxl-item-text\">\r\n                       Smart lift sous anesth\u00e9sie locale ambulatoire                   <\/div>\r\n                   <div class=\"pxl-sub-text\">\r\n                    Dr Uriel ASSOULINE (Nice)                <\/div>\r\n            <\/div>\r\n        <\/a>\r\n    <\/div>\r\n<\/div>\r\n\t\t\t\t<\/div>\n\t\t\t\t<\/div>\n\t\t            <\/div>\r\n        <\/div>\r\n                <div class=\"elementor-column elementor-col-50 elementor-top-column elementor-element elementor-element-7f6c01f pxl-column-none pxl-column-overflow-hidden-no\" data-id=\"7f6c01f\" data-element_type=\"column\" data-e-type=\"column\">\r\n        <div class=\"elementor-widget-wrap\">\r\n                     \r\n                    <\/div>\r\n        <\/div>\r\n        \t\t\t<\/div>\n\t\t<\/section>\n\t\t\t\t<\/div>\n\t\t","protected":false},"excerpt":{"rendered":"<p>Pr\u00e9-Prrogramme Esthetic&#8217;News Discover the full program and speaker lineup of Esthetic&#8217;News, the dedicated session on aesthetic. |Vendredi 20 Juin 2025 |Samedi 21 Juin 2025 Esth\u00e9tique Traitements par acide hyaluronique Dr Am\u00e9lie L\u2019HEUD\u00c9 (Nice) Prise en charge de l\u2019acn\u00e9 chez le jeune adulte Dr Camille GRANGEON (Nice) Smart lift sous anesth\u00e9sie locale ambulatoire Dr Uriel ASSOULINE [&hellip;]<\/p>\n","protected":false},"author":1,"featured_media":0,"parent":17827,"menu_order":0,"comment_status":"closed","ping_status":"closed","template":"","meta":{"footnotes":""},"class_list":["post-17825","page","type-page","status-publish","hentry"],"yoast_head":"<!-- This site is optimized with the Yoast SEO plugin v27.5 - https:\/\/yoast.com\/product\/yoast-seo-wordpress\/ -->\n<title>Esthetic&#039;News - Ophta\u2019News 2026 \u2013 30\u00e8me \u00e9dition du Congr\u00e8s d\u2019Ophtalmologie | Nice 26-27 juin 2026<\/title>\n<meta name=\"robots\" content=\"index, follow, max-snippet:-1, max-image-preview:large, max-video-preview:-1\" \/>\n<link rel=\"canonical\" href=\"https:\/\/ophtanews.com\/en\/ophtanews-congress\/estheticnews\/\" \/>\n<meta property=\"og:locale\" content=\"en_US\" \/>\n<meta property=\"og:type\" content=\"article\" \/>\n<meta property=\"og:title\" content=\"Esthetic&#039;News - Ophta\u2019News 2026 \u2013 30\u00e8me \u00e9dition du Congr\u00e8s d\u2019Ophtalmologie | Nice 26-27 juin 2026\" \/>\n<meta property=\"og:description\" content=\"Pr\u00e9-Prrogramme Esthetic&#8217;News Discover the full program and speaker lineup of Esthetic&#8217;News, the dedicated session on aesthetic. |Vendredi 20 Juin 2025 |Samedi 21 Juin 2025 Esth\u00e9tique Traitements par acide hyaluronique Dr Am\u00e9lie L\u2019HEUD\u00c9 (Nice) Prise en charge de l\u2019acn\u00e9 chez le jeune adulte Dr Camille GRANGEON (Nice) Smart lift sous anesth\u00e9sie locale ambulatoire Dr Uriel ASSOULINE [&hellip;]\" \/>\n<meta property=\"og:url\" content=\"https:\/\/ophtanews.com\/en\/ophtanews-congress\/estheticnews\/\" \/>\n<meta property=\"og:site_name\" content=\"Ophta\u2019News 2026 \u2013 30\u00e8me \u00e9dition du Congr\u00e8s d\u2019Ophtalmologie | Nice 26-27 juin 2026\" \/>\n<meta property=\"article:modified_time\" content=\"2025-04-08T07:18:59+00:00\" \/>\n<meta property=\"og:image\" content=\"https:\/\/ophtanews.com\/wp-content\/uploads\/2024\/07\/cropped-Logo-Ophtanews-300x300.png\" \/>\n<meta name=\"twitter:card\" content=\"summary_large_image\" \/>\n<script type=\"application\/ld+json\" class=\"yoast-schema-graph\">{\"@context\":\"https:\\\/\\\/schema.org\",\"@graph\":[{\"@type\":\"WebPage\",\"@id\":\"https:\\\/\\\/ophtanews.com\\\/en\\\/ophtanews-congress\\\/estheticnews\\\/\",\"url\":\"https:\\\/\\\/ophtanews.com\\\/en\\\/ophtanews-congress\\\/estheticnews\\\/\",\"name\":\"Esthetic'News - Ophta\u2019News 2026 \u2013 30\u00e8me \u00e9dition du Congr\u00e8s d\u2019Ophtalmologie | Nice 26-27 juin 2026\",\"isPartOf\":{\"@id\":\"https:\\\/\\\/ophtanews.com\\\/en\\\/#website\"},\"primaryImageOfPage\":{\"@id\":\"https:\\\/\\\/ophtanews.com\\\/en\\\/ophtanews-congress\\\/estheticnews\\\/#primaryimage\"},\"image\":{\"@id\":\"https:\\\/\\\/ophtanews.com\\\/en\\\/ophtanews-congress\\\/estheticnews\\\/#primaryimage\"},\"thumbnailUrl\":\"https:\\\/\\\/ophtanews.com\\\/wp-content\\\/uploads\\\/2024\\\/07\\\/cropped-Logo-Ophtanews-300x300.png\",\"datePublished\":\"2024-12-10T14:18:57+00:00\",\"dateModified\":\"2025-04-08T07:18:59+00:00\",\"breadcrumb\":{\"@id\":\"https:\\\/\\\/ophtanews.com\\\/en\\\/ophtanews-congress\\\/estheticnews\\\/#breadcrumb\"},\"inLanguage\":\"en-US\",\"potentialAction\":[{\"@type\":\"ReadAction\",\"target\":[\"https:\\\/\\\/ophtanews.com\\\/en\\\/ophtanews-congress\\\/estheticnews\\\/\"]}]},{\"@type\":\"ImageObject\",\"inLanguage\":\"en-US\",\"@id\":\"https:\\\/\\\/ophtanews.com\\\/en\\\/ophtanews-congress\\\/estheticnews\\\/#primaryimage\",\"url\":\"https:\\\/\\\/ophtanews.com\\\/wp-content\\\/uploads\\\/2024\\\/07\\\/cropped-Logo-Ophtanews-300x300.png\",\"contentUrl\":\"https:\\\/\\\/ophtanews.com\\\/wp-content\\\/uploads\\\/2024\\\/07\\\/cropped-Logo-Ophtanews-300x300.png\"},{\"@type\":\"BreadcrumbList\",\"@id\":\"https:\\\/\\\/ophtanews.com\\\/en\\\/ophtanews-congress\\\/estheticnews\\\/#breadcrumb\",\"itemListElement\":[{\"@type\":\"ListItem\",\"position\":1,\"name\":\"Accueil\",\"item\":\"https:\\\/\\\/ophtanews.com\\\/en\\\/\"},{\"@type\":\"ListItem\",\"position\":2,\"name\":\"Ophta&#8217;News Congress\",\"item\":\"https:\\\/\\\/ophtanews.com\\\/en\\\/ophta-congress\\\/\"},{\"@type\":\"ListItem\",\"position\":3,\"name\":\"Esthetic&#8217;News\"}]},{\"@type\":\"WebSite\",\"@id\":\"https:\\\/\\\/ophtanews.com\\\/en\\\/#website\",\"url\":\"https:\\\/\\\/ophtanews.com\\\/en\\\/\",\"name\":\"Ophta\u2019News 2026 \u2013 30\u00e8me \u00e9dition du Congr\u00e8s d\u2019Ophtalmologie | Nice 26-27 juin 2026\",\"description\":\"Ophta&#039;News - Refractiv&#039;News - Retina&#039;News - Esthetic&#039;News - Palpebral&#039;News - Presbymania\",\"potentialAction\":[{\"@type\":\"SearchAction\",\"target\":{\"@type\":\"EntryPoint\",\"urlTemplate\":\"https:\\\/\\\/ophtanews.com\\\/en\\\/?s={search_term_string}\"},\"query-input\":{\"@type\":\"PropertyValueSpecification\",\"valueRequired\":true,\"valueName\":\"search_term_string\"}}],\"inLanguage\":\"en-US\"}]}<\/script>\n<!-- \/ Yoast SEO plugin. -->","yoast_head_json":{"title":"Esthetic'News - Ophta\u2019News 2026 \u2013 30\u00e8me \u00e9dition du Congr\u00e8s d\u2019Ophtalmologie | Nice 26-27 juin 2026","robots":{"index":"index","follow":"follow","max-snippet":"max-snippet:-1","max-image-preview":"max-image-preview:large","max-video-preview":"max-video-preview:-1"},"canonical":"https:\/\/ophtanews.com\/en\/ophtanews-congress\/estheticnews\/","og_locale":"en_US","og_type":"article","og_title":"Esthetic'News - Ophta\u2019News 2026 \u2013 30\u00e8me \u00e9dition du Congr\u00e8s d\u2019Ophtalmologie | Nice 26-27 juin 2026","og_description":"Pr\u00e9-Prrogramme Esthetic&#8217;News Discover the full program and speaker lineup of Esthetic&#8217;News, the dedicated session on aesthetic. |Vendredi 20 Juin 2025 |Samedi 21 Juin 2025 Esth\u00e9tique Traitements par acide hyaluronique Dr Am\u00e9lie L\u2019HEUD\u00c9 (Nice) Prise en charge de l\u2019acn\u00e9 chez le jeune adulte Dr Camille GRANGEON (Nice) Smart lift sous anesth\u00e9sie locale ambulatoire Dr Uriel ASSOULINE [&hellip;]","og_url":"https:\/\/ophtanews.com\/en\/ophtanews-congress\/estheticnews\/","og_site_name":"Ophta\u2019News 2026 \u2013 30\u00e8me \u00e9dition du Congr\u00e8s d\u2019Ophtalmologie | Nice 26-27 juin 2026","article_modified_time":"2025-04-08T07:18:59+00:00","og_image":[{"url":"https:\/\/ophtanews.com\/wp-content\/uploads\/2024\/07\/cropped-Logo-Ophtanews-300x300.png","type":"","width":"","height":""}],"twitter_card":"summary_large_image","schema":{"@context":"https:\/\/schema.org","@graph":[{"@type":"WebPage","@id":"https:\/\/ophtanews.com\/en\/ophtanews-congress\/estheticnews\/","url":"https:\/\/ophtanews.com\/en\/ophtanews-congress\/estheticnews\/","name":"Esthetic'News - Ophta\u2019News 2026 \u2013 30\u00e8me \u00e9dition du Congr\u00e8s d\u2019Ophtalmologie | Nice 26-27 juin 2026","isPartOf":{"@id":"https:\/\/ophtanews.com\/en\/#website"},"primaryImageOfPage":{"@id":"https:\/\/ophtanews.com\/en\/ophtanews-congress\/estheticnews\/#primaryimage"},"image":{"@id":"https:\/\/ophtanews.com\/en\/ophtanews-congress\/estheticnews\/#primaryimage"},"thumbnailUrl":"https:\/\/ophtanews.com\/wp-content\/uploads\/2024\/07\/cropped-Logo-Ophtanews-300x300.png","datePublished":"2024-12-10T14:18:57+00:00","dateModified":"2025-04-08T07:18:59+00:00","breadcrumb":{"@id":"https:\/\/ophtanews.com\/en\/ophtanews-congress\/estheticnews\/#breadcrumb"},"inLanguage":"en-US","potentialAction":[{"@type":"ReadAction","target":["https:\/\/ophtanews.com\/en\/ophtanews-congress\/estheticnews\/"]}]},{"@type":"ImageObject","inLanguage":"en-US","@id":"https:\/\/ophtanews.com\/en\/ophtanews-congress\/estheticnews\/#primaryimage","url":"https:\/\/ophtanews.com\/wp-content\/uploads\/2024\/07\/cropped-Logo-Ophtanews-300x300.png","contentUrl":"https:\/\/ophtanews.com\/wp-content\/uploads\/2024\/07\/cropped-Logo-Ophtanews-300x300.png"},{"@type":"BreadcrumbList","@id":"https:\/\/ophtanews.com\/en\/ophtanews-congress\/estheticnews\/#breadcrumb","itemListElement":[{"@type":"ListItem","position":1,"name":"Accueil","item":"https:\/\/ophtanews.com\/en\/"},{"@type":"ListItem","position":2,"name":"Ophta&#8217;News Congress","item":"https:\/\/ophtanews.com\/en\/ophta-congress\/"},{"@type":"ListItem","position":3,"name":"Esthetic&#8217;News"}]},{"@type":"WebSite","@id":"https:\/\/ophtanews.com\/en\/#website","url":"https:\/\/ophtanews.com\/en\/","name":"Ophta\u2019News 2026 \u2013 30\u00e8me \u00e9dition du Congr\u00e8s d\u2019Ophtalmologie | Nice 26-27 juin 2026","description":"Ophta&#039;News - Refractiv&#039;News - Retina&#039;News - Esthetic&#039;News - Palpebral&#039;News - Presbymania","potentialAction":[{"@type":"SearchAction","target":{"@type":"EntryPoint","urlTemplate":"https:\/\/ophtanews.com\/en\/?s={search_term_string}"},"query-input":{"@type":"PropertyValueSpecification","valueRequired":true,"valueName":"search_term_string"}}],"inLanguage":"en-US"}]}},"_links":{"self":[{"href":"https:\/\/ophtanews.com\/en\/wp-json\/wp\/v2\/pages\/17825","targetHints":{"allow":["GET"]}}],"collection":[{"href":"https:\/\/ophtanews.com\/en\/wp-json\/wp\/v2\/pages"}],"about":[{"href":"https:\/\/ophtanews.com\/en\/wp-json\/wp\/v2\/types\/page"}],"author":[{"embeddable":true,"href":"https:\/\/ophtanews.com\/en\/wp-json\/wp\/v2\/users\/1"}],"replies":[{"embeddable":true,"href":"https:\/\/ophtanews.com\/en\/wp-json\/wp\/v2\/comments?post=17825"}],"version-history":[{"count":2,"href":"https:\/\/ophtanews.com\/en\/wp-json\/wp\/v2\/pages\/17825\/revisions"}],"predecessor-version":[{"id":17868,"href":"https:\/\/ophtanews.com\/en\/wp-json\/wp\/v2\/pages\/17825\/revisions\/17868"}],"up":[{"embeddable":true,"href":"https:\/\/ophtanews.com\/en\/wp-json\/wp\/v2\/pages\/17827"}],"wp:attachment":[{"href":"https:\/\/ophtanews.com\/en\/wp-json\/wp\/v2\/media?parent=17825"}],"curies":[{"name":"wp","href":"https:\/\/api.w.org\/{rel}","templated":true}]}}